{"id":2296,"date":"2022-02-21T11:24:37","date_gmt":"2022-02-21T10:24:37","guid":{"rendered":"https:\/\/www.cacabelos.org\/turismo\/?page_id=2296"},"modified":"2022-03-24T12:28:38","modified_gmt":"2022-03-24T11:28:38","slug":"ley-de-proteccion-de-datos","status":"publish","type":"page","link":"https:\/\/cacabelos.org\/turismo\/ley-de-proteccion-de-datos\/","title":{"rendered":"ley de protecci\u00f3n de datos"},"content":{"rendered":"<p>[et_pb_section bb_built=&#8221;1&#8243; _builder_version=&#8221;4.9.4&#8243; _module_preset=&#8221;default&#8221;][et_pb_row _builder_version=&#8221;4.9.4&#8243; _module_preset=&#8221;default&#8221;][et_pb_column type=&#8221;4_4&#8243; _builder_version=&#8221;4.9.4&#8243; _module_preset=&#8221;default&#8221;][et_pb_text _builder_version=&#8221;4.14.8&#8243; _module_preset=&#8221;default&#8221; hover_enabled=&#8221;0&#8243; sticky_enabled=&#8221;0&#8243; text_text_shadow_horizontal_length=&#8221;text_text_shadow_style,%91object Object%93&#8243; text_text_shadow_horizontal_length_tablet=&#8221;0px&#8221; text_text_shadow_vertical_length=&#8221;text_text_shadow_style,%91object Object%93&#8243; text_text_shadow_vertical_length_tablet=&#8221;0px&#8221; text_text_shadow_blur_strength=&#8221;text_text_shadow_style,%91object Object%93&#8243; text_text_shadow_blur_strength_tablet=&#8221;1px&#8221; link_text_shadow_horizontal_length=&#8221;link_text_shadow_style,%91object Object%93&#8243; link_text_shadow_horizontal_length_tablet=&#8221;0px&#8221; link_text_shadow_vertical_length=&#8221;link_text_shadow_style,%91object Object%93&#8243; link_text_shadow_vertical_length_tablet=&#8221;0px&#8221; link_text_shadow_blur_strength=&#8221;link_text_shadow_style,%91object Object%93&#8243; link_text_shadow_blur_strength_tablet=&#8221;1px&#8221; ul_text_shadow_horizontal_length=&#8221;ul_text_shadow_style,%91object Object%93&#8243; ul_text_shadow_horizontal_length_tablet=&#8221;0px&#8221; ul_text_shadow_vertical_length=&#8221;ul_text_shadow_style,%91object Object%93&#8243; ul_text_shadow_vertical_length_tablet=&#8221;0px&#8221; ul_text_shadow_blur_strength=&#8221;ul_text_shadow_style,%91object Object%93&#8243; ul_text_shadow_blur_strength_tablet=&#8221;1px&#8221; ol_text_shadow_horizontal_length=&#8221;ol_text_shadow_style,%91object Object%93&#8243; ol_text_shadow_horizontal_length_tablet=&#8221;0px&#8221; ol_text_shadow_vertical_length=&#8221;ol_text_shadow_style,%91object Object%93&#8243; ol_text_shadow_vertical_length_tablet=&#8221;0px&#8221; ol_text_shadow_blur_strength=&#8221;ol_text_shadow_style,%91object Object%93&#8243; ol_text_shadow_blur_strength_tablet=&#8221;1px&#8221; quote_text_shadow_horizontal_length=&#8221;quote_text_shadow_style,%91object Object%93&#8243; quote_text_shadow_horizontal_length_tablet=&#8221;0px&#8221; quote_text_shadow_vertical_length=&#8221;quote_text_shadow_style,%91object Object%93&#8243; quote_text_shadow_vertical_length_tablet=&#8221;0px&#8221; quote_text_shadow_blur_strength=&#8221;quote_text_shadow_style,%91object Object%93&#8243; quote_text_shadow_blur_strength_tablet=&#8221;1px&#8221; header_text_shadow_horizontal_length=&#8221;header_text_shadow_style,%91object Object%93&#8243; header_text_shadow_horizontal_length_tablet=&#8221;0px&#8221; header_text_shadow_vertical_length=&#8221;header_text_shadow_style,%91object Object%93&#8243; header_text_shadow_vertical_length_tablet=&#8221;0px&#8221; header_text_shadow_blur_strength=&#8221;header_text_shadow_style,%91object Object%93&#8243; header_text_shadow_blur_strength_tablet=&#8221;1px&#8221; header_2_text_shadow_horizontal_length=&#8221;header_2_text_shadow_style,%91object Object%93&#8243; header_2_text_shadow_horizontal_length_tablet=&#8221;0px&#8221; header_2_text_shadow_vertical_length=&#8221;header_2_text_shadow_style,%91object Object%93&#8243; header_2_text_shadow_vertical_length_tablet=&#8221;0px&#8221; header_2_text_shadow_blur_strength=&#8221;header_2_text_shadow_style,%91object Object%93&#8243; header_2_text_shadow_blur_strength_tablet=&#8221;1px&#8221; header_3_text_shadow_horizontal_length=&#8221;header_3_text_shadow_style,%91object Object%93&#8243; header_3_text_shadow_horizontal_length_tablet=&#8221;0px&#8221; header_3_text_shadow_vertical_length=&#8221;header_3_text_shadow_style,%91object Object%93&#8243; header_3_text_shadow_vertical_length_tablet=&#8221;0px&#8221; header_3_text_shadow_blur_strength=&#8221;header_3_text_shadow_style,%91object Object%93&#8243; header_3_text_shadow_blur_strength_tablet=&#8221;1px&#8221; header_4_text_shadow_horizontal_length=&#8221;header_4_text_shadow_style,%91object Object%93&#8243; header_4_text_shadow_horizontal_length_tablet=&#8221;0px&#8221; header_4_text_shadow_vertical_length=&#8221;header_4_text_shadow_style,%91object Object%93&#8243; header_4_text_shadow_vertical_length_tablet=&#8221;0px&#8221; header_4_text_shadow_blur_strength=&#8221;header_4_text_shadow_style,%91object Object%93&#8243; header_4_text_shadow_blur_strength_tablet=&#8221;1px&#8221; header_5_text_shadow_horizontal_length=&#8221;header_5_text_shadow_style,%91object Object%93&#8243; header_5_text_shadow_horizontal_length_tablet=&#8221;0px&#8221; header_5_text_shadow_vertical_length=&#8221;header_5_text_shadow_style,%91object Object%93&#8243; header_5_text_shadow_vertical_length_tablet=&#8221;0px&#8221; header_5_text_shadow_blur_strength=&#8221;header_5_text_shadow_style,%91object Object%93&#8243; header_5_text_shadow_blur_strength_tablet=&#8221;1px&#8221; header_6_text_shadow_horizontal_length=&#8221;header_6_text_shadow_style,%91object Object%93&#8243; header_6_text_shadow_horizontal_length_tablet=&#8221;0px&#8221; header_6_text_shadow_vertical_length=&#8221;header_6_text_shadow_style,%91object Object%93&#8243; header_6_text_shadow_vertical_length_tablet=&#8221;0px&#8221; header_6_text_shadow_blur_strength=&#8221;header_6_text_shadow_style,%91object Object%93&#8243; header_6_text_shadow_blur_strength_tablet=&#8221;1px&#8221; box_shadow_horizontal_tablet=&#8221;0px&#8221; box_shadow_vertical_tablet=&#8221;0px&#8221; box_shadow_blur_tablet=&#8221;40px&#8221; box_shadow_spread_tablet=&#8221;0px&#8221; vertical_offset_tablet=&#8221;0&#8243; horizontal_offset_tablet=&#8221;0&#8243; z_index_tablet=&#8221;0&#8243;]<\/p>\n<h1 style=\"font-style: inherit; font-weight: 600;\">Pol\u00edtica de Privacidad<\/h1>\n<p style=\"font-weight: 300;\"><strong style=\"font-style: inherit; font-weight: 600;\"><span style=\"font-style: inherit; font-weight: inherit;\">\u201cSUS DATOS SEGUROS\u201d<\/span><\/strong><\/p>\n<h1 style=\"font-weight: 600;\">Informaci\u00f3n en cumplimiento de la normativa de protecci\u00f3n de datos personales<\/h1>\n<p style=\"font-weight: 300;\"><span style=\"font-style: inherit; font-weight: inherit;\">\u00a0<\/span><\/p>\n<p style=\"font-weight: 300;\"><span style=\"font-style: inherit; font-weight: inherit;\">En Europa y en Espa\u00f1a existen normas de protecci\u00f3n de datos pensadas para proteger su informaci\u00f3n personal de obligado cumplimiento para nuestra entidad.<\/span><\/p>\n<p style=\"font-weight: 300;\"><span style=\"font-style: inherit; font-weight: inherit;\">Por ello, es muy importante para nosotros que entienda perfectamente qu\u00e9 vamos a hacer con los datos personales que le pedimos.<\/span><\/p>\n<p style=\"font-weight: 300;\"><span style=\"font-style: inherit; font-weight: inherit;\">As\u00ed, seremos transparentes y le daremos el control de sus datos, con un lenguaje sencillo y opciones claras que le permitir\u00e1n decidir qu\u00e9 haremos con su informaci\u00f3n personal.<\/span><\/p>\n<p style=\"font-weight: 300;\"><span style=\"font-style: inherit; font-weight: inherit;\">Por favor, si una vez le\u00edda la presente informaci\u00f3n le queda alguna duda, no dude en preguntarnos.<\/span><\/p>\n<p style=\"font-weight: 300;\"><span style=\"font-style: inherit; font-weight: inherit;\">Muchas gracias por su colaboraci\u00f3n.<\/span><\/p>\n<p style=\"font-weight: 300;\"><span style=\"font-style: inherit; font-weight: inherit;\">\u00a0<\/span><\/p>\n<ul>\n<li style=\"font-weight: 300;\"><strong style=\"font-style: inherit; font-weight: 600;\"><span style=\"font-style: inherit; font-weight: inherit;\">\u00bf<\/span><\/strong><strong style=\"font-style: inherit; font-weight: 600;\"><span style=\"font-style: inherit; font-weight: inherit;\">Qui\u00e9nes somos?<\/span><\/strong><\/li>\n<\/ul>\n<p style=\"font-weight: 300;\"><span style=\"font-style: inherit; font-weight: inherit;\">o\u00a0\u00a0\u00a0<\/span><span style=\"font-style: inherit; font-weight: inherit;\">Nuestra denominaci\u00f3n:\u00a0<strong style=\"font-style: inherit; font-weight: 600;\">Ayuntamiento de Cacabelos<\/strong><\/span><\/p>\n<p style=\"font-weight: 300;\"><span style=\"font-style: inherit; font-weight: inherit;\">\u00a0<\/span><\/p>\n<p style=\"font-weight: 300;\"><span style=\"font-style: inherit; font-weight: inherit;\">o\u00a0\u00a0\u00a0<\/span><span style=\"font-style: inherit; font-weight: inherit;\">Nuestro CIF \/ NIF:\u00a0<strong style=\"font-style: inherit; font-weight: 600;\">P2403100G<\/strong><\/span><\/p>\n<p style=\"font-weight: 300;\"><span style=\"font-style: inherit; font-weight: inherit;\">\u00a0<\/span><\/p>\n<p style=\"font-weight: 300;\"><span style=\"font-style: inherit; font-weight: inherit;\">o\u00a0\u00a0\u00a0<\/span><span style=\"font-style: inherit; font-weight: inherit;\">Nuestra actividad principal:<strong style=\"font-style: inherit; font-weight: 600;\"> Administraci\u00f3n P\u00fablica<\/strong><\/span><\/p>\n<p style=\"font-weight: 300;\"><span style=\"font-style: inherit; font-weight: inherit;\">\u00a0<\/span><\/p>\n<p style=\"font-weight: 300;\"><span style=\"font-style: inherit; font-weight: inherit;\">o\u00a0\u00a0\u00a0<\/span><span style=\"font-style: inherit; font-weight: inherit;\">Nuestra direcci\u00f3n:\u00a0<strong style=\"font-style: inherit; font-weight: 600;\">Plaza Mayor, 1 , CP 24540, Cacabelos (Le\u00f3n)<\/strong><\/span><\/p>\n<p style=\"font-weight: 300;\"><span style=\"font-style: inherit; font-weight: inherit;\">\u00a0<\/span><\/p>\n<p style=\"font-weight: 300;\"><span style=\"font-style: inherit; font-weight: inherit;\">o\u00a0\u00a0\u00a0<\/span><span style=\"font-style: inherit; font-weight: inherit;\">Nuestro tel\u00e9fono de contacto:\u00a0<strong style=\"font-style: inherit; font-weight: 600;\">987546011<\/strong><\/span><\/p>\n<p style=\"font-weight: 300;\"><span style=\"font-style: inherit; font-weight: inherit;\">\u00a0<\/span><\/p>\n<p style=\"font-weight: 300;\"><span style=\"font-style: inherit; font-weight: inherit;\">o\u00a0\u00a0\u00a0<\/span><span style=\"font-style: inherit; font-weight: inherit;\">Nuestra direcci\u00f3n de correo electr\u00f3nico de contacto:\u00a0<strong style=\"font-style: inherit; font-weight: 600;\">informatica@cacabelos.org<\/strong><\/span><\/p>\n<p style=\"font-weight: 300;\"><span style=\"font-style: inherit; font-weight: inherit;\">\u00a0<\/span><\/p>\n<p style=\"font-weight: 300;\"><span style=\"font-style: inherit; font-weight: inherit;\">o\u00a0\u00a0\u00a0<\/span><span style=\"font-style: inherit; font-weight: inherit;\">Nuestra p\u00e1gina web:<\/span><\/p>\n<p style=\"font-weight: 300;\"><span style=\"font-style: inherit; font-weight: inherit;\">\u00a0<\/span><\/p>\n<p style=\"font-weight: 300;\"><span style=\"font-style: inherit; font-weight: inherit;\">Estamos a su disposici\u00f3n, no dude en contactar con nosotros.<\/span><\/p>\n<p style=\"font-weight: 300;\"><span style=\"font-style: inherit; font-weight: inherit;\">\u00a0<\/span><\/p>\n<ul>\n<li style=\"font-weight: 300;\"><strong style=\"font-style: inherit; font-weight: 600;\"><span style=\"font-style: inherit; font-weight: inherit;\">Contacte con nuestro delegado de protecci\u00f3n de datos<\/span><\/strong><\/li>\n<\/ul>\n<p style=\"font-weight: 300;\"><span style=\"font-style: inherit; font-weight: inherit;\">\u00bfSabe que en nuestra entidad contamos con un delegado de protecci\u00f3n de datos al cual puede enviar todas sus reclamaciones, dudas y sugerencias sobre el uso de su informaci\u00f3n personal?<\/span><\/p>\n<p style=\"font-weight: 300;\"><span style=\"font-style: inherit; font-weight: inherit;\">Nuestro delegado de protecci\u00f3n de datos es\u00a0Audidat 3.0 SLU\u00a0y puede contactar con \u00e9l a trav\u00e9s de la siguiente direcci\u00f3n de correo electr\u00f3nico:<\/span><\/p>\n<p style=\"font-weight: 300;\"><span style=\"font-style: inherit; font-weight: inherit;\">\u00a0 \u00a0<\/span><span style=\"font-style: inherit; font-weight: inherit;\">albertogomez@audidat.com<\/span><\/p>\n<p style=\"font-weight: 300;\"><span style=\"font-style: inherit; font-weight: inherit;\">\u00a0<\/span><\/p>\n<ul>\n<li style=\"font-weight: 300;\"><strong style=\"font-style: inherit; font-weight: 600;\"><span style=\"font-style: inherit; font-weight: inherit;\">\u00bfPara qu\u00e9 vamos a usar sus datos?<\/span><\/strong><\/li>\n<\/ul>\n<p style=\"font-weight: 300;\">Con car\u00e1cter general, sus datos personales ser\u00e1n usados para para registrar y atender su solicitud.<\/p>\n<p style=\"font-weight: 300;\">En caso de que quisi\u00e9ramos utilizar su informaci\u00f3n personal con otra finalidad distinta, le solicitaremos el correspondiente consentimiento.\u00a0<\/p>\n<ul>\n<li style=\"font-weight: 300;\"><strong style=\"font-style: inherit; font-weight: 600;\"><span style=\"font-style: inherit; font-weight: inherit;\">\u00bfPor qu\u00e9 necesitamos usar sus datos?<\/span><\/strong><\/li>\n<\/ul>\n<p style=\"font-weight: 300;\"><span style=\"font-style: inherit; font-weight: inherit;\">Sus datos personales son necesarios para poder tramitar su solicitud. En este sentido, pondremos a su disposici\u00f3n una serie de casillas que le permitir\u00e1n decidir de manera clara y sencilla sobre el uso de su informaci\u00f3n personal.\u00a0<\/span><\/p>\n<p style=\"font-weight: 300;\"><span style=\"font-style: inherit; font-weight: inherit;\">\u00a0<\/span><\/p>\n<ul>\n<li style=\"font-weight: 300;\"><strong style=\"font-style: inherit; font-weight: 600;\"><span style=\"font-style: inherit; font-weight: inherit;\">\u00bfQui\u00e9n va a conocer la informaci\u00f3n que le pedimos?<\/span><\/strong><\/li>\n<\/ul>\n<p style=\"font-weight: 300;\"><span style=\"font-style: inherit; font-weight: inherit;\">Con car\u00e1cter general, s\u00f3lo el personal de la Entidad Local que est\u00e9 debidamente autorizado podr\u00e1 tener conocimiento de la informaci\u00f3n que le pedimos.<\/span><\/p>\n<p style=\"font-weight: 300;\"><span style=\"font-style: inherit; font-weight: inherit;\">De igual modo, podr\u00e1n tener conocimiento de su informaci\u00f3n personal aquellas entidades que necesiten tener acceso a la misma para que podamos atender y gestionar su solicitud. Por ejemplo: es posible que debamos ceder sus datos a otras Administraciones P\u00fablicas con competencia en la materia para tramitar su solicitud.<\/span><\/p>\n<p style=\"font-weight: 300;\"><span style=\"font-style: inherit; font-weight: inherit;\">Asimismo, tendr\u00e1n conocimiento de su informaci\u00f3n aquellas entidades p\u00fablicas o privadas a las cuales estemos obligados a facilitar sus datos personales con motivo del cumplimiento de alguna ley. Por ejemplo: es posible que la Ley Tributaria nos obligue a facilitar a la Agencia Tributaria determinada informaci\u00f3n sobre usted.<\/span><\/p>\n<p style=\"font-weight: 300;\"><span style=\"font-style: inherit; font-weight: inherit;\">En el caso de que, al margen de los supuestos comentados, necesitemos dar a\u00a0conocer\u00a0\u00a0su\u00a0informaci\u00f3n personal a otras entidades, le solicitaremos previamente su permiso a trav\u00e9s de opciones claras que le permitir\u00e1n decidir a este respecto.<\/span><\/p>\n<p style=\"font-weight: 300;\"><span style=\"font-style: inherit; font-weight: inherit;\">\u00a0<\/span><\/p>\n<ul>\n<li style=\"font-weight: 300;\"><strong style=\"font-style: inherit; font-weight: 600;\"><span style=\"font-style: inherit; font-weight: inherit;\">\u00bfC\u00f3mo vamos a proteger sus datos?<\/span><\/strong><\/li>\n<\/ul>\n<p style=\"font-weight: 300;\"><span style=\"font-style: inherit; font-weight: inherit;\">Protegeremos sus datos con medidas de seguridad eficaces en funci\u00f3n de los riesgos que conlleve el uso de su informaci\u00f3n.<\/span><\/p>\n<p style=\"font-weight: 300;\"><span style=\"font-style: inherit; font-weight: inherit;\">Para ello, nuestra entidad ha aprobado una Pol\u00edtica de Protecci\u00f3n de Datos y se realizan controles y auditor\u00edas anuales para verificar que sus datos personales est\u00e1n seguros en todo momento.<\/span><\/p>\n<p style=\"font-weight: 300;\"><span style=\"font-style: inherit; font-weight: inherit;\">\u00a0<\/span><\/p>\n<ul>\n<li style=\"font-weight: 300;\"><strong style=\"font-style: inherit; font-weight: 600;\"><span style=\"font-style: inherit; font-weight: inherit;\">\u00bfEnviaremos sus datos a otros pa\u00edses?<\/span><\/strong><\/li>\n<\/ul>\n<p style=\"font-weight: 300;\"><span style=\"font-style: inherit; font-weight: inherit;\">En el mundo hay pa\u00edses que son seguros para sus datos y otros que no lo son tanto.\u00a0As\u00ed\u00a0por ejemplo, la Uni\u00f3n Europea es un entorno seguro para sus datos. La pol\u00edtica de la Entidad Local es no enviar su informaci\u00f3n personal a ning\u00fan pa\u00eds que no sea seguro desde el punto de vista de la protecci\u00f3n de sus datos.<\/span><\/p>\n<p style=\"font-weight: 300;\"><span style=\"font-style: inherit; font-weight: inherit;\">En el caso de que sea imprescindible enviar sus datos a un pa\u00eds que no sea tan seguro como Espa\u00f1a para tramitar su solicitud, siempre le solicitaremos previamente su permiso y aplicaremos medidas de seguridad eficaces que reduzcan los riesgos del env\u00edo de su informaci\u00f3n personal a otro pa\u00eds.<\/span><\/p>\n<p style=\"font-weight: 300;\"><span style=\"font-style: inherit; font-weight: inherit;\">\u00a0<\/span><\/p>\n<ul>\n<li style=\"font-weight: 300;\"><strong style=\"font-style: inherit; font-weight: 600;\"><span style=\"font-style: inherit; font-weight: inherit;\">\u00bfDurante cu\u00e1nto tiempo vamos a conservar sus datos?<\/span><\/strong><\/li>\n<\/ul>\n<p style=\"font-weight: 300;\"><span style=\"font-style: inherit; font-weight: inherit;\">Conservaremos sus datos durante nuestra relaci\u00f3n y mientras nos obliguen las leyes,<\/span>\u00a0<span style=\"font-style: inherit; font-weight: inherit;\">como la Ley 7\/1985, de 2 de abril, reguladora de las Bases del R\u00e9gimen Local. Una vez finalizados los plazos legales aplicables, procederemos a eliminarlos de forma segura y respetuosa con el medio ambiente.<\/span><\/p>\n<p style=\"font-weight: 300;\"><span style=\"font-style: inherit; font-weight: inherit;\">\u00a0<\/span><\/p>\n<ul>\n<li style=\"font-weight: 300;\"><strong style=\"font-style: inherit; font-weight: 600;\"><span style=\"font-style: inherit; font-weight: inherit;\">\u00bfCu\u00e1les son sus derechos de protecci\u00f3n de datos?<\/span><\/strong><\/li>\n<\/ul>\n<p style=\"font-weight: 300;\"><span style=\"font-style: inherit; font-weight: inherit;\">En cualquier momento puede dirigirse a nosotros para saber qu\u00e9 informaci\u00f3n tenemos sobre usted, rectificarla si fuese incorrecta y eliminarla una vez finalizada nuestra relaci\u00f3n, en el caso de que ello sea legalmente posible.<\/span><\/p>\n<p style=\"font-weight: 300;\"><span style=\"font-style: inherit; font-weight: inherit;\">Tambi\u00e9n tiene derecho a solicitar el traspaso de su informaci\u00f3n a otra entidad. Este derecho se llama \u201cportabilidad\u201d y puede ser \u00fatil en determinadas situaciones. Igualmente, puede solicitar la limitaci\u00f3n del tratamiento de sus datos personales.<\/span><\/p>\n<p style=\"font-weight: 300;\"><span style=\"font-style: inherit; font-weight: inherit;\">Para solicitar alguno de estos derechos, deber\u00e1 realizar una solicitud escrita a nuestra direcci\u00f3n, junto con una fotocopia de su DNI, para poder identificarle.<\/span><\/p>\n<p style=\"font-weight: 300;\"><span style=\"font-style: inherit; font-weight: inherit;\">En las oficinas de nuestra entidad disponemos de formularios espec\u00edficos para solicitar dichos derechos y le ofrecemos nuestra ayuda para su cumplimentaci\u00f3n.<\/span><\/p>\n<p style=\"font-weight: 300;\"><span style=\"font-style: inherit; font-weight: inherit;\">Para saber m\u00e1s sobre sus derechos de protecci\u00f3n de datos, puede consultar\u00a0la\u00a0\u00a0p\u00e1gina\u00a0web de la Agencia Espa\u00f1ola de Protecci\u00f3n de Datos (<\/span><a href=\"http:\/\/www.agpd.es\/\"><span style=\"font-style: inherit; font-weight: inherit;\">www.agpd.es<\/span><\/a><span style=\"font-style: inherit; font-weight: inherit;\">).<\/span><\/p>\n<p style=\"font-weight: 300;\"><span style=\"font-style: inherit; font-weight: inherit;\">\u00a0<\/span><\/p>\n<ul>\n<li style=\"font-weight: 300;\"><strong style=\"font-style: inherit; font-weight: 600;\"><span style=\"font-style: inherit; font-weight: inherit;\">\u00bfPuede retirar su consentimiento si cambia de opini\u00f3n en un momento posterior?<\/span><\/strong><\/li>\n<\/ul>\n<p style=\"font-weight: 300;\"><span style=\"font-style: inherit; font-weight: inherit;\">Usted puede retirar su consentimiento si cambia de opini\u00f3n sobre el uso de sus datos en cualquier momento.<\/span><\/p>\n<p style=\"font-weight: 300;\"><span style=\"font-style: inherit; font-weight: inherit;\">As\u00ed, por ejemplo, si usted en su d\u00eda estuvo interesado\/a en recibir nuestra\u00a0newsletter\u00a0pero ya no desea recibirla m\u00e1s, puede hac\u00e9rnoslo constar a trav\u00e9s del formulario de oposici\u00f3n al tratamiento disponible en las oficinas de nuestra entidad.<\/span><\/p>\n<ul>\n<li style=\"font-weight: 300;\"><strong style=\"font-style: inherit; font-weight: 600;\"><span style=\"font-style: inherit; font-weight: inherit;\">En caso de que entienda que sus derechos han sido desatendidos, \u00bfd\u00f3nde puede formular una reclamaci\u00f3n?<\/span><\/strong><\/li>\n<\/ul>\n<p style=\"font-weight: 300;\"><span style=\"font-style: inherit; font-weight: inherit;\">En caso de que entienda que sus derechos han sido desatendidos por nuestra entidad, puede formular una reclamaci\u00f3n en la Agencia Espa\u00f1ola de Protecci\u00f3n de Datos, a trav\u00e9s de alguno de los medios siguientes:<\/span><\/p>\n<p style=\"font-weight: 300;\"><span style=\"font-style: inherit; font-weight: inherit;\">o\u00a0\u00a0\u00a0<\/span><span style=\"font-style: inherit; font-weight: inherit;\">Sede electr\u00f3nica: www.agpd.es<\/span><\/p>\n<p style=\"font-weight: 300;\"><span style=\"font-style: inherit; font-weight: inherit;\">o\u00a0\u00a0\u00a0<\/span><span style=\"font-style: inherit; font-weight: inherit;\">Direcci\u00f3n postal:<\/span><\/p>\n<p style=\"font-weight: 300;\"><span style=\"font-style: inherit; font-weight: inherit;\">Agencia Espa\u00f1ola de Protecci\u00f3n de Datos<br \/>C\/ Jorge Juan, 6<br \/>28001-Madrid<\/span><\/p>\n<p style=\"font-weight: 300;\"><span style=\"font-style: inherit; font-weight: inherit;\">o\u00a0\u00a0\u00a0<\/span><span style=\"font-style: inherit; font-weight: inherit;\">V\u00eda telef\u00f3nica:<\/span><\/p>\n<p style=\"font-weight: 300;\"><span style=\"font-style: inherit; font-weight: inherit;\">Telf. 901 100 099<\/span><\/p>\n<p style=\"font-weight: 300;\"><span style=\"font-style: inherit; font-weight: inherit;\">Telf. 91 266 35 17<\/span><\/p>\n<p style=\"font-weight: 300;\"><span style=\"font-style: inherit; font-weight: inherit;\">Formular una reclamaci\u00f3n en la Agencia Espa\u00f1ola de Protecci\u00f3n de Datos no conlleva ning\u00fan coste y no es necesaria la asistencia de abogado ni procurador.<\/span><\/p>\n<p style=\"font-weight: 300;\"><span style=\"font-style: inherit; font-weight: inherit;\">\u00a0<\/span><\/p>\n<ul>\n<li style=\"font-weight: 300;\"><strong style=\"font-style: inherit; font-weight: 600;\"><span style=\"font-style: inherit; font-weight: inherit;\">\u00bfElaboraremos perfiles sobre usted?<\/span><\/strong><\/li>\n<\/ul>\n<p style=\"font-weight: 300;\"><span style=\"font-style: inherit; font-weight: inherit;\">Nuestra pol\u00edtica es no elaborar perfiles de los ciudadanos.<\/span><\/p>\n<p style=\"font-weight: 300;\"><span style=\"font-style: inherit; font-weight: inherit;\">No obstante, si existiese alguna situaci\u00f3n en la que necesitemos elaborar perfiles de informaci\u00f3n sobre usted, le mantendremos informado previamente, le pediremos el consentimiento y aplicaremos medidas de seguridad eficaces que protejan su informaci\u00f3n en todo momento de personas no autorizadas que pretendan utilizarla en su propio beneficio.<\/span><\/p>\n<ul>\n<li style=\"font-weight: 300;\"><strong style=\"font-style: inherit; font-weight: 600;\"><span style=\"font-style: inherit; font-weight: inherit;\">\u00bfUsaremos sus datos para otros fines?<\/span><\/strong><\/li>\n<\/ul>\n<p style=\"font-weight: 300;\"><span style=\"font-style: inherit; font-weight: inherit;\">La pol\u00edtica de la Entidad Local es no usar sus datos para otras finalidades distintas a las que le hemos explicado. Si, no obstante, necesit\u00e1semos usar sus datos para actividades distintas, siempre le solicitaremos previamente su permiso a trav\u00e9s de opciones claras que le permitir\u00e1n decidir al respecto.<\/span><\/p>\n<p>[\/et_pb_text][\/et_pb_column][\/et_pb_row][\/et_pb_section]<\/p>\n","protected":false},"excerpt":{"rendered":"<p>Pol\u00edtica de Privacidad\u201cSUS DATOS SEGUROS\u201dInformaci\u00f3n en cumplimiento de la normativa de protecci\u00f3n de datos personales\u00a0En Europa y en Espa\u00f1a existen normas de protecci\u00f3n de datos pensadas para proteger su informaci\u00f3n personal de obligado cumplimiento para nuestra entidad.Por ello, es muy importante para nosotros que entienda perfectamente qu\u00e9 vamos a hacer con los datos personales que [&hellip;]<\/p>\n","protected":false},"author":1,"featured_media":0,"parent":0,"menu_order":0,"comment_status":"closed","ping_status":"closed","template":"","meta":{"_et_pb_use_builder":"on","_et_pb_old_content":"","_et_gb_content_width":""},"_links":{"self":[{"href":"https:\/\/cacabelos.org\/turismo\/wp-json\/wp\/v2\/pages\/2296"}],"collection":[{"href":"https:\/\/cacabelos.org\/turismo\/wp-json\/wp\/v2\/pages"}],"about":[{"href":"https:\/\/cacabelos.org\/turismo\/wp-json\/wp\/v2\/types\/page"}],"author":[{"embeddable":true,"href":"https:\/\/cacabelos.org\/turismo\/wp-json\/wp\/v2\/users\/1"}],"replies":[{"embeddable":true,"href":"https:\/\/cacabelos.org\/turismo\/wp-json\/wp\/v2\/comments?post=2296"}],"version-history":[{"count":4,"href":"https:\/\/cacabelos.org\/turismo\/wp-json\/wp\/v2\/pages\/2296\/revisions"}],"predecessor-version":[{"id":2773,"href":"https:\/\/cacabelos.org\/turismo\/wp-json\/wp\/v2\/pages\/2296\/revisions\/2773"}],"wp:attachment":[{"href":"https:\/\/cacabelos.org\/turismo\/wp-json\/wp\/v2\/media?parent=2296"}],"curies":[{"name":"wp","href":"https:\/\/api.w.org\/{rel}","templated":true}]}}